{"id":18288,"date":"2024-04-05T11:58:36","date_gmt":"2024-04-05T09:58:36","guid":{"rendered":"https:\/\/www.friedenkoeln.de\/?page_id=18288"},"modified":"2024-04-05T11:58:36","modified_gmt":"2024-04-05T09:58:36","slug":"ostermarsch-koeln-2024","status":"publish","type":"page","link":"https:\/\/www.friedenkoeln.de\/?page_id=18288","title":{"rendered":"Ostermarsch K\u00f6ln 2024"},"content":{"rendered":"<div class=\"rl-gallery-container rl-loading\" id=\"rl-gallery-container-1\" data-gallery_id=\"18287\"> <div class=\"rl-gallery rl-basicgrid-gallery \" id=\"rl-gallery-1\" data-gallery_no=\"1\"> <div class=\"rl-gallery-item\"><a href=\"https:\/\/www.friedenkoeln.de\/wp-content\/uploads\/2024\/04\/DSC_0016-scaled.jpg\" title=\"\" data-rl_title=\"\" class=\"rl-gallery-link\" data-rl_caption=\"&quot;Sei still, wenn Kinder schlafen - nicht wenn sie get\u00f6tet werden!&quot; - Ostermarsch, Roncalliplatz, K\u00f6ln, 30.3.2024. Foto: Stefanie Intveen\" data-rel=\"lightbox-gallery-1\"><img loading=\"lazy\" decoding=\"async\" src=\"https:\/\/www.friedenkoeln.de\/wp-content\/uploads\/2024\/04\/DSC_0016-500x500.jpg\" width=\"500\" height=\"500\" alt=\"Eine ernst schauende Frau mit schwarzen Haaren h\u00e4lt ein Schild in die H\u00f6he. Dahinter weitere Leute mit Fahnen.\" \/><span class=\"rl-gallery-caption\"><span class=\"rl-gallery-item-caption\">&quot;Sei still, wenn Kinder schlafen - nicht wenn sie get\u00f6tet werden!&quot; - Ostermarsch, Roncalliplatz, K\u00f6ln, 30.3.2024. Foto: Stefanie Intveen<\/span><\/span><\/a><\/div><div class=\"rl-gallery-item\"><a href=\"https:\/\/www.friedenkoeln.de\/wp-content\/uploads\/2024\/04\/DSC_0020-scaled.jpg\" title=\"\" data-rl_title=\"\" class=\"rl-gallery-link\" data-rl_caption=\"Agnes Kamerichs am Infostand beim Ostermarsch, Roncalliplatz, K\u00f6ln, 30.3.2024. Foto: Stefanie Intveen\" data-rel=\"lightbox-gallery-1\"><img loading=\"lazy\" decoding=\"async\" src=\"https:\/\/www.friedenkoeln.de\/wp-content\/uploads\/2024\/04\/DSC_0020-500x500.jpg\" width=\"500\" height=\"500\" alt=\"Eine junge Frau hinter einem Tisch mit Infomaterial schaut konzentriert zur Seite.\" \/><span class=\"rl-gallery-caption\"><span class=\"rl-gallery-item-caption\">Agnes Kamerichs am Infostand beim Ostermarsch, Roncalliplatz, K\u00f6ln, 30.3.2024. Foto: Stefanie Intveen<\/span><\/span><\/a><\/div><div class=\"rl-gallery-item\"><a href=\"https:\/\/www.friedenkoeln.de\/wp-content\/uploads\/2024\/04\/DSC_0037-scaled.jpg\" title=\"\" data-rl_title=\"\" class=\"rl-gallery-link\" data-rl_caption=\"Kathrin Vogler, MdB, beim Ostermarsch, Roncalliplatz, K\u00f6ln, 30.3.2024. Foto: Stefanie Intveen\" data-rel=\"lightbox-gallery-1\"><img loading=\"lazy\" decoding=\"async\" src=\"https:\/\/www.friedenkoeln.de\/wp-content\/uploads\/2024\/04\/DSC_0037-500x500.jpg\" width=\"500\" height=\"500\" alt=\"Eine Frau mit kurzen schwarzgrauen Haaren spricht in ein Mikro. Dahinter ein Transparent mit &quot;Nie wieder Faschismus - nie wieder Krieg!&quot; teilweise zu sehen.\" \/><span class=\"rl-gallery-caption\"><span class=\"rl-gallery-item-caption\">Kathrin Vogler, MdB, beim Ostermarsch, Roncalliplatz, K\u00f6ln, 30.3.2024. Foto: Stefanie Intveen<\/span><\/span><\/a><\/div><div class=\"rl-gallery-item\"><a href=\"https:\/\/www.friedenkoeln.de\/wp-content\/uploads\/2024\/04\/DSC_0046-scaled.jpg\" title=\"\" data-rl_title=\"\" class=\"rl-gallery-link\" data-rl_caption=\"Der WDR filmt Kathrin Vogler, MdB, beim Ostermarsch, Roncalliplatz, K\u00f6ln, 30.3.2024. Foto: Stefanie Intveen\" data-rel=\"lightbox-gallery-1\"><img loading=\"lazy\" decoding=\"async\" src=\"https:\/\/www.friedenkoeln.de\/wp-content\/uploads\/2024\/04\/DSC_0046-500x500.jpg\" width=\"500\" height=\"500\" alt=\"Eine WDR-Fernsehkamera ist auf eine B\u00fchne mit Rednerin gerichtet.\" \/><span class=\"rl-gallery-caption\"><span class=\"rl-gallery-item-caption\">Der WDR filmt Kathrin Vogler, MdB, beim Ostermarsch, Roncalliplatz, K\u00f6ln, 30.3.2024. Foto: Stefanie Intveen<\/span><\/span><\/a><\/div><div class=\"rl-gallery-item\"><a href=\"https:\/\/www.friedenkoeln.de\/wp-content\/uploads\/2024\/04\/DSC_0061-scaled.jpg\" title=\"\" data-rl_title=\"\" class=\"rl-gallery-link\" data-rl_caption=\"Vertreter der Pal\u00e4stinensischen Gemeinde beim Ostermarsch, Roncalliplatz, K\u00f6ln, 30.3.2024. Foto: Stefanie Intveen\" data-rel=\"lightbox-gallery-1\"><img loading=\"lazy\" decoding=\"async\" src=\"https:\/\/www.friedenkoeln.de\/wp-content\/uploads\/2024\/04\/DSC_0061-500x500.jpg\" width=\"500\" height=\"500\" alt=\"Ein \u00e4lterer Mann mit grauem Haarkranz und Brille spricht in ein Mikro. Eine Frau mit grauen Locken schaut ihm ernst von hinten zu.\" \/><span class=\"rl-gallery-caption\"><span class=\"rl-gallery-item-caption\">Vertreter der Pal\u00e4stinensischen Gemeinde beim Ostermarsch, Roncalliplatz, K\u00f6ln, 30.3.2024. Foto: Stefanie Intveen<\/span><\/span><\/a><\/div><div class=\"rl-gallery-item\"><a href=\"https:\/\/www.friedenkoeln.de\/wp-content\/uploads\/2024\/04\/DSC_0078-1-scaled.jpg\" title=\"\" data-rl_title=\"\" class=\"rl-gallery-link\" data-rl_caption=\"&quot;Israel spricht nicht in meinem Namen!&quot; und &quot;Not in my Jewish name!&quot; - Protest der &quot;J\u00fcdischen Stimme f\u00fcr einen gerechten Frieden in Nahost&quot; beim Ostermarsch, Roncalliplatz, K\u00f6ln, 30.3.2024. Foto: Stefanie Intveen\" data-rel=\"lightbox-gallery-1\"><img loading=\"lazy\" decoding=\"async\" src=\"https:\/\/www.friedenkoeln.de\/wp-content\/uploads\/2024\/04\/DSC_0078-1-500x500.jpg\" width=\"500\" height=\"500\" alt=\"Gedr\u00e4ngt stehende Leute mit Schildern\" \/><span class=\"rl-gallery-caption\"><span class=\"rl-gallery-item-caption\">&quot;Israel spricht nicht in meinem Namen!&quot; und &quot;Not in my Jewish name!&quot; - Protest der &quot;J\u00fcdischen Stimme f\u00fcr einen gerechten Frieden in Nahost&quot; beim Ostermarsch, Roncalliplatz, K\u00f6ln, 30.3.2024. Foto: Stefanie Intveen<\/span><\/span><\/a><\/div><div class=\"rl-gallery-item\"><a href=\"https:\/\/www.friedenkoeln.de\/wp-content\/uploads\/2024\/04\/DSC_0077-scaled.jpg\" title=\"\" data-rl_title=\"\" class=\"rl-gallery-link\" data-rl_caption=\"Ostermarsch, Roncalliplatz, K\u00f6ln, 30.3.2024. Foto: Stefanie Intveen\" data-rel=\"lightbox-gallery-1\"><img loading=\"lazy\" decoding=\"async\" src=\"https:\/\/www.friedenkoeln.de\/wp-content\/uploads\/2024\/04\/DSC_0077-500x500.jpg\" width=\"500\" height=\"500\" alt=\"Gedr\u00e4ngt stehende und sitzende Leute mit Schildern und Fahnen\" \/><span class=\"rl-gallery-caption\"><span class=\"rl-gallery-item-caption\">Ostermarsch, Roncalliplatz, K\u00f6ln, 30.3.2024. Foto: Stefanie Intveen<\/span><\/span><\/a><\/div><div class=\"rl-gallery-item\"><a href=\"https:\/\/www.friedenkoeln.de\/wp-content\/uploads\/2024\/04\/DSC_0070-scaled.jpg\" title=\"\" data-rl_title=\"\" class=\"rl-gallery-link\" data-rl_caption=\"&quot;Waffenstillstand!&quot; Ostermarsch, Roncalliplatz, K\u00f6ln, 30.3.2024. Foto: Stefanie Intveen\" data-rel=\"lightbox-gallery-1\"><img loading=\"lazy\" decoding=\"async\" src=\"https:\/\/www.friedenkoeln.de\/wp-content\/uploads\/2024\/04\/DSC_0070-500x500.jpg\" width=\"500\" height=\"500\" alt=\"Ein selbst gemaltes Demoplakat mit einem Bild von Banksy (junger vermummter Mann wirft einen Blumenstrau\u00df, als sei es ein Stein)\" \/><span class=\"rl-gallery-caption\"><span class=\"rl-gallery-item-caption\">&quot;Waffenstillstand!&quot; Ostermarsch, Roncalliplatz, K\u00f6ln, 30.3.2024. Foto: Stefanie Intveen<\/span><\/span><\/a><\/div><div class=\"rl-gallery-item\"><a href=\"https:\/\/www.friedenkoeln.de\/wp-content\/uploads\/2024\/04\/DSC_0074-scaled.jpg\" title=\"\" data-rl_title=\"\" class=\"rl-gallery-link\" data-rl_caption=\"&quot;J\u00fcd*innen gegen Genozid&quot; Ostermarsch, Roncalliplatz, K\u00f6ln, 30.3.2024. Foto: Stefanie Intveen\" data-rel=\"lightbox-gallery-1\"><img loading=\"lazy\" decoding=\"async\" src=\"https:\/\/www.friedenkoeln.de\/wp-content\/uploads\/2024\/04\/DSC_0074-500x500.jpg\" width=\"500\" height=\"500\" alt=\"Eine junge Frau h\u00e4lt ein Demo-Schild hoch. Im Hintergrund dicht gedr\u00e4ngt Leute mit Fahnen.\" \/><span class=\"rl-gallery-caption\"><span class=\"rl-gallery-item-caption\">&quot;J\u00fcd*innen gegen Genozid&quot; Ostermarsch, Roncalliplatz, K\u00f6ln, 30.3.2024. Foto: Stefanie Intveen<\/span><\/span><\/a><\/div><div class=\"rl-gallery-item\"><a href=\"https:\/\/www.friedenkoeln.de\/wp-content\/uploads\/2024\/04\/DSC_0081-scaled.jpg\" title=\"\" data-rl_title=\"\" class=\"rl-gallery-link\" data-rl_caption=\"Tanya Ury, J\u00fcdische Stimme f\u00fcr einen gerechten Frieden in Nahost, beim Ostermarsch, Roncalliplatz, K\u00f6ln, 30.3.2024. Foto: Stefanie Intveen\" data-rel=\"lightbox-gallery-1\"><img loading=\"lazy\" decoding=\"async\" src=\"https:\/\/www.friedenkoeln.de\/wp-content\/uploads\/2024\/04\/DSC_0081-500x500.jpg\" width=\"500\" height=\"500\" alt=\"Eine Frau mit grauen Locken spricht in ein Mikro. Ein \u00e4lterer Mann mit grauem Haarkranz und Brille schaut ihm ernst von hinten zu.\" \/><span class=\"rl-gallery-caption\"><span class=\"rl-gallery-item-caption\">Tanya Ury, J\u00fcdische Stimme f\u00fcr einen gerechten Frieden in Nahost, beim Ostermarsch, Roncalliplatz, K\u00f6ln, 30.3.2024. Foto: Stefanie Intveen<\/span><\/span><\/a><\/div><div class=\"rl-gallery-item\"><a href=\"https:\/\/www.friedenkoeln.de\/wp-content\/uploads\/2024\/04\/DSC_0097-scaled.jpg\" title=\"\" data-rl_title=\"\" class=\"rl-gallery-link\" data-rl_caption=\"Ostermarsch K\u00f6ln, 30.3.2024. Foto: Stefanie Intveen\" data-rel=\"lightbox-gallery-1\"><img loading=\"lazy\" decoding=\"async\" src=\"https:\/\/www.friedenkoeln.de\/wp-content\/uploads\/2024\/04\/DSC_0097-500x500.jpg\" width=\"500\" height=\"500\" alt=\"Eine Menschenmenge formiert sich hinter einem Fronttransparent &quot;Ostermarsch Rhein Ruhr 2024&quot;\" \/><span class=\"rl-gallery-caption\"><span class=\"rl-gallery-item-caption\">Ostermarsch K\u00f6ln, 30.3.2024. Foto: Stefanie Intveen<\/span><\/span><\/a><\/div><div class=\"rl-gallery-item\"><a href=\"https:\/\/www.friedenkoeln.de\/wp-content\/uploads\/2024\/04\/DSC_0103-scaled.jpg\" title=\"\" data-rl_title=\"\" class=\"rl-gallery-link\" data-rl_caption=\"Ariane Dettloff mit Wei\u00dfer Flagge beim Ostermarsch K\u00f6ln, Hans-B\u00f6ckler-Platz, 30.3.2024. Foto: Stefanie Intveen\" data-rel=\"lightbox-gallery-1\"><img loading=\"lazy\" decoding=\"async\" src=\"https:\/\/www.friedenkoeln.de\/wp-content\/uploads\/2024\/04\/DSC_0103-500x500.jpg\" width=\"500\" height=\"500\" alt=\"Eine fr\u00f6hlich schauende \u00e4ltere Dame mit einer wei\u00dfen Flagge vor einer Gruppe Menschen\" \/><span class=\"rl-gallery-caption\"><span class=\"rl-gallery-item-caption\">Ariane Dettloff mit Wei\u00dfer Flagge beim Ostermarsch K\u00f6ln, Hans-B\u00f6ckler-Platz, 30.3.2024. Foto: Stefanie Intveen<\/span><\/span><\/a><\/div><div class=\"rl-gallery-item\"><a href=\"https:\/\/www.friedenkoeln.de\/wp-content\/uploads\/2024\/04\/DSC_0111-scaled.jpg\" title=\"\" data-rl_title=\"\" class=\"rl-gallery-link\" data-rl_caption=\"Fotografieren beim Ostermarsch K\u00f6ln, Hans-B\u00f6ckler-Platz, 30.3.2024. Foto: Stefanie Intveen\" data-rel=\"lightbox-gallery-1\"><img loading=\"lazy\" decoding=\"async\" src=\"https:\/\/www.friedenkoeln.de\/wp-content\/uploads\/2024\/04\/DSC_0111-500x500.jpg\" width=\"500\" height=\"500\" alt=\"Ein \u00e4lterer Herr mit schwarzer Wollm\u00fctze und eine Frau mit hochgesteckten hellbraunen Haaren fotografieren Musiker auf einer B\u00fchne.\" \/><span class=\"rl-gallery-caption\"><span class=\"rl-gallery-item-caption\">Fotografieren beim Ostermarsch K\u00f6ln, Hans-B\u00f6ckler-Platz, 30.3.2024. Foto: Stefanie Intveen<\/span><\/span><\/a><\/div><div class=\"rl-gallery-item\"><a href=\"https:\/\/www.friedenkoeln.de\/wp-content\/uploads\/2024\/04\/DSC_0119-scaled.jpg\" title=\"\" data-rl_title=\"\" class=\"rl-gallery-link\" data-rl_caption=\"Uwe Trieschmann, IPPNW, beim Ostermarsch K\u00f6ln, Hans-B\u00f6ckler-Platz, 30.3.2024. Foto: Stefanie Intveen\" data-rel=\"lightbox-gallery-1\"><img loading=\"lazy\" decoding=\"async\" src=\"https:\/\/www.friedenkoeln.de\/wp-content\/uploads\/2024\/04\/DSC_0119-500x500.jpg\" width=\"500\" height=\"500\" alt=\"Ein Mann mit kurzen grauen Haaren und Brille in einem blauen Pulli spricht in ein Mikro. Im Hintergrund Teile eines Plakates mit &quot;Peace!&quot; und &quot;La Paix!&quot;.\" \/><span class=\"rl-gallery-caption\"><span class=\"rl-gallery-item-caption\">Uwe Trieschmann, IPPNW, beim Ostermarsch K\u00f6ln, Hans-B\u00f6ckler-Platz, 30.3.2024. Foto: Stefanie Intveen<\/span><\/span><\/a><\/div><div class=\"rl-gallery-item\"><a href=\"https:\/\/www.friedenkoeln.de\/wp-content\/uploads\/2024\/04\/DSC_0121-scaled.jpg\" title=\"\" data-rl_title=\"\" class=\"rl-gallery-link\" data-rl_caption=\"Peter B\u00fcrger, beim Ostermarsch K\u00f6ln, Hans-B\u00f6ckler-Platz, 30.3.2024. Foto: Stefanie Intveen\" data-rel=\"lightbox-gallery-1\"><img loading=\"lazy\" decoding=\"async\" src=\"https:\/\/www.friedenkoeln.de\/wp-content\/uploads\/2024\/04\/DSC_0121-500x500.jpg\" width=\"500\" height=\"500\" alt=\"Ein Mann mit brauner Schl\u00e4germ\u00fctze und schwarzer Lederjacke spricht in ein Mikro\" \/><span class=\"rl-gallery-caption\"><span class=\"rl-gallery-item-caption\">Peter B\u00fcrger, beim Ostermarsch K\u00f6ln, Hans-B\u00f6ckler-Platz, 30.3.2024. Foto: Stefanie Intveen<\/span><\/span><\/a><\/div> <\/div> <\/div>\n","protected":false},"excerpt":{"rendered":"","protected":false},"author":110,"featured_media":0,"parent":16490,"menu_order":0,"comment_status":"closed","ping_status":"closed","template":"","meta":{"footnotes":""},"class_list":["post-18288","page","type-page","status-publish","hentry"],"_links":{"self":[{"href":"https:\/\/www.friedenkoeln.de\/index.php?rest_route=\/wp\/v2\/pages\/18288","targetHints":{"allow":["GET"]}}],"collection":[{"href":"https:\/\/www.friedenkoeln.de\/index.php?rest_route=\/wp\/v2\/pages"}],"about":[{"href":"https:\/\/www.friedenkoeln.de\/index.php?rest_route=\/wp\/v2\/types\/page"}],"author":[{"embeddable":true,"href":"https:\/\/www.friedenkoeln.de\/index.php?rest_route=\/wp\/v2\/users\/110"}],"replies":[{"embeddable":true,"href":"https:\/\/www.friedenkoeln.de\/index.php?rest_route=%2Fwp%2Fv2%2Fcomments&post=18288"}],"version-history":[{"count":1,"href":"https:\/\/www.friedenkoeln.de\/index.php?rest_route=\/wp\/v2\/pages\/18288\/revisions"}],"predecessor-version":[{"id":18289,"href":"https:\/\/www.friedenkoeln.de\/index.php?rest_route=\/wp\/v2\/pages\/18288\/revisions\/18289"}],"up":[{"embeddable":true,"href":"https:\/\/www.friedenkoeln.de\/index.php?rest_route=\/wp\/v2\/pages\/16490"}],"wp:attachment":[{"href":"https:\/\/www.friedenkoeln.de\/index.php?rest_route=%2Fwp%2Fv2%2Fmedia&parent=18288"}],"curies":[{"name":"wp","href":"https:\/\/api.w.org\/{rel}","templated":true}]}}